{"id":29087,"date":"2025-09-13T12:18:48","date_gmt":"2025-09-13T09:18:48","guid":{"rendered":"https:\/\/www.almodo.com.tr\/?page_id=29087"},"modified":"2025-09-13T18:33:15","modified_gmt":"2025-09-13T15:33:15","slug":"almodo-calisan-adaylari-icin-bilgilendirme-ve-taahhutname","status":"publish","type":"page","link":"https:\/\/www.almodo.com.tr\/en\/almodo-calisan-adaylari-icin-bilgilendirme-ve-taahhutname\/","title":{"rendered":"Almodo \u00c7al\u0131\u015fan Adaylar\u0131 \u0130\u00e7in Bilgilendirme ve Taahh\u00fctname"},"content":{"rendered":"<div data-elementor-type=\"wp-page\" data-elementor-id=\"29087\" class=\"elementor elementor-29087\">\n\t\t\t\t\t\t<section class=\"elementor-section elementor-top-section elementor-element elementor-element-870803f elementor-section-boxed elementor-section-height-default elementor-section-height-default sc_fly_static\" data-id=\"870803f\" data-element_type=\"section\">\n\t\t\t\t\t\t<div class=\"elementor-container elementor-column-gap-extended\">\n\t\t\t\t\t<div class=\"elementor-column elementor-col-100 elementor-top-column elementor-element elementor-element-84d9684 sc_content_align_inherit sc_layouts_column_icons_position_left sc_fly_static\" data-id=\"84d9684\" data-element_type=\"column\">\n\t\t\t<div class=\"elementor-widget-wrap elementor-element-populated\">\n\t\t\t\t\t\t<div class=\"elementor-element elementor-element-7e6b35d sc_height_huge sc_fly_static elementor-widget elementor-widget-spacer\" data-id=\"7e6b35d\" data-element_type=\"widget\" data-widget_type=\"spacer.default\">\n\t\t\t\t<div class=\"elementor-widget-container\">\n\t\t\t\t\t\t\t<div class=\"elementor-spacer\">\n\t\t\t<div class=\"elementor-spacer-inner\"><\/div>\n\t\t<\/div>\n\t\t\t\t\t\t<\/div>\n\t\t\t\t<\/div>\n\t\t\t\t\t<\/div>\n\t\t<\/div>\n\t\t\t\t\t<\/div>\n\t\t<\/section>\n\t\t\t\t<section class=\"elementor-section elementor-top-section elementor-element elementor-element-5bb7fe4 elementor-section-content-middle elementor-section-boxed elementor-section-height-default elementor-section-height-default sc_fly_static\" data-id=\"5bb7fe4\" data-element_type=\"section\">\n\t\t\t\t\t\t<div class=\"elementor-container elementor-column-gap-extended\">\n\t\t\t\t\t<div class=\"elementor-column elementor-col-100 elementor-top-column elementor-element elementor-element-9aca13a sc_content_align_inherit sc_layouts_column_icons_position_left sc_fly_static\" data-id=\"9aca13a\" data-element_type=\"column\">\n\t\t\t<div class=\"elementor-widget-wrap elementor-element-populated\">\n\t\t\t\t\t\t<div data-animation-type=\"block\" class=\"elementor-element elementor-element-ed401f3 animation_type_block sc_fly_static elementor-invisible elementor-widget elementor-widget-trx_sc_title\" data-id=\"ed401f3\" data-element_type=\"widget\" data-settings=\"{&quot;_animation&quot;:&quot;tint-fadeinup&quot;}\" data-widget_type=\"trx_sc_title.default\">\n\t\t\t\t<div class=\"elementor-widget-container\">\n\t\t\t\t\t<div\t\tclass=\"sc_title sc_title_default\" ><span class=\"sc_item_subtitle sc_title_subtitle sc_item_subtitle_above sc_item_title_style_default\">Almodo<\/span><h1 class=\"sc_item_title sc_title_title sc_item_title_style_default sc_item_title_tag\"\n\t\t\t><span class=\"sc_item_title_text\">Ki\u015fisel Verilerin \u0130\u015flenmesinin Nedenleri Ve Yasal Dayanaklar\u0131<\/span><\/h1><\/div>\t\t\t\t<\/div>\n\t\t\t\t<\/div>\n\t\t\t\t<div class=\"elementor-element elementor-element-a45ced5 sc_fly_static elementor-widget elementor-widget-spacer\" data-id=\"a45ced5\" data-element_type=\"widget\" data-widget_type=\"spacer.default\">\n\t\t\t\t<div class=\"elementor-widget-container\">\n\t\t\t\t\t\t\t<div class=\"elementor-spacer\">\n\t\t\t<div class=\"elementor-spacer-inner\"><\/div>\n\t\t<\/div>\n\t\t\t\t\t\t<\/div>\n\t\t\t\t<\/div>\n\t\t\t\t<div class=\"elementor-element elementor-element-57fdfae sc_fly_static elementor-widget elementor-widget-text-editor\" data-id=\"57fdfae\" data-element_type=\"widget\" data-widget_type=\"text-editor.default\">\n\t\t\t\t<div class=\"elementor-widget-container\">\n\t\t\t\t\t\t\t\t\t<div id=\"comp-iysec5gq\" class=\"HcOXKn c9GqVL QxJLC3 lq2cno YQcXTT comp-iysec5gq wixui-rich-text\" data-testid=\"richTextElement\"><p><span style=\"font-family: arial, ms pgothic, dotum, helvetica, sans-serif;\"><span style=\"font-size: large;\">Almodo Altunlar Tekstil Sanayi ve Ticaret Anonim \u015eirketi (\u201cAlmodo\u201d) \u015firket politikalar\u0131 \u00e7er\u00e7evesinde ve Almodo ailesini geni\u015fleterek daha iyi hizmet verebilmek amac\u0131yla; s\u00f6z konusu ama\u00e7lar\u0131 yerine getirebilmeyi sa\u011flayacak \u00e7al\u0131\u015fan adaylar\u0131 taraf\u0131ndan ula\u015ft\u0131r\u0131lan \u00f6zge\u00e7mi\u015fleri, m\u00fclakat s\u0131ras\u0131nda s\u00f6zl\u00fc olarak beyan etti\u011finiz \u015fahs\u0131n\u0131za ait ki\u015fisel verileri; niteli\u011finizi, tecr\u00fcbenizi ve ilginizi, a\u00e7\u0131k pozisyona uygunlu\u011funuzu de\u011ferlendirmek, gerekti\u011fi takdirde, iletti\u011finiz bilgilerin do\u011frulu\u011funun kontrol\u00fcn\u00fc yapmak veya \u00fc\u00e7\u00fcnc\u00fc ki\u015filerle ileti\u015fime ge\u00e7erek hakk\u0131n\u0131zda ara\u015ft\u0131rma yapmak, ba\u015fvuru ve i\u015fe al\u0131m s\u00fcreci hakk\u0131nda taraf\u0131n\u0131zla ileti\u015fime ge\u00e7mek, ilgili mevzuat\u0131n gereklerini ya da yetkili kurum veya kurulu\u015fun taleplerini kar\u015f\u0131lamak, \u015firketimizin uygulad\u0131\u011f\u0131 i\u015fe al\u0131m ilkelerini geli\u015ftirmek ve iyile\u015ftirmek amac\u0131yla 1 (bir) y\u0131l s\u00fcreyle saklar. Ki\u015fisel verileriniz taraf\u0131m\u0131za yaz\u0131l\u0131 veya <\/span><\/span><a href=\"https:\/\/www.almodo.com.tr\/en\/\" target=\"_blank\" rel=\"noopener\"><span style=\"font-family: arial, ms pgothic, dotum, helvetica, sans-serif;\"><span style=\"font-size: large;\"><u>https:\/\/www.almodo.com.tr\/<\/u><\/span><\/span><\/a><span style=\"font-family: arial, ms pgothic, dotum, helvetica, sans-serif;\"><span style=\"font-size: large;\"> adresinde bulunan web sitemizdeki insan kaynaklar\u0131 segmenti, istihdam veya dan\u0131\u015fmanl\u0131k \u015firketleri, <a href=\"https:\/\/www.kariyer.net\/\" target=\"_blank\" rel=\"noopener\">https:\/\/www.kariyer.net<\/a> adresi,\u00a0 \u0130\u015eKUR, video konferans, telefon gibi ara\u00e7lar arac\u0131l\u0131\u011f\u0131yla veya y\u00fcz y\u00fcze m\u00fclakat yap\u0131lan hallerde, m\u00fclakat s\u0131ras\u0131nda, taraf\u0131n\u0131zca iletilen bilgilerin do\u011frulu\u011funu teyit etmek amac\u0131yla yap\u0131lan kontroller ile \u015firketimiz taraf\u0131ndan yap\u0131lan ara\u015ft\u0131rmalar arac\u0131l\u0131\u011f\u0131yla toplan\u0131r.<\/span><\/span><\/p><p><span style=\"font-family: arial, ms pgothic, dotum, helvetica, sans-serif;\"><span style=\"font-size: large;\">Ki\u015fisel veriler; belirlenen ama\u00e7lar ve kapsam d\u0131\u015f\u0131nda kullan\u0131lmamak kayd\u0131 ile gerekli t\u00fcm bilgi g\u00fcvenli\u011fi tedbirleri de al\u0131narak i\u015flenir ve yasal saklama s\u00fcresince veya i\u015fleme amac\u0131n\u0131n gerekli k\u0131ld\u0131\u011f\u0131 s\u00fcre boyunca saklan\u0131r.\u00a0 \u00d6zge\u00e7mi\u015finizde bulunan t\u00fcm ki\u015fisel veriler, Almodo veri taban\u0131nda 6698 say\u0131l\u0131 Ki\u015fisel Verilerin Korunmas\u0131 Kanunu (\u201cKanun\u201d) do\u011frultusunda gizli olarak saklan\u0131r.<\/span><\/span><\/p><p><span style=\"font-family: arial, ms pgothic, dotum, helvetica, sans-serif;\"><span style=\"font-size: large;\">Ki\u015fisel veriler veri taban\u0131m\u0131zda maksimum g\u00fcvenlik \u00f6nlemi ve s\u0131n\u0131rl\u0131 eri\u015fim esas al\u0131narak muhafaza edilir. Yukar\u0131da belirtilen ama\u00e7larla i\u015flenmi\u015f olan ki\u015fisel veriler; Kanun\u2019a g\u00f6re i\u015flenmesi gerektiren ama\u00e7 ortadan kalkt\u0131\u011f\u0131nda, 28 Ekim 2017 tarihli ve 30224 say\u0131l\u0131 Resmi Gazete\u2019de yay\u0131mlanan Ki\u015fisel Verilerin Silinmesi, Yok Edilmesi Veya Anonim Hale Getirilmesi Hakk\u0131nda Y\u00f6netmelik uyar\u0131nca belirlenen s\u00fcreler d\u00e2hilinde taraf\u0131m\u0131zca silinir, yok edilir veya anonim hale getirilerek kullan\u0131lmaya devam edilir. Ki\u015fisel veriler, yasal olarak aktar\u0131lmas\u0131 gereken idari ve resmi makamlara veya bilgi merkezi olu\u015fturmak, \u015firket i\u00e7erisinde verimlili\u011fi artt\u0131rmak amac\u0131yla yasal s\u0131n\u0131rlamalar \u00e7er\u00e7evesinde aktar\u0131labilir. Ki\u015fisel verilerin i\u015flenmesi ve kullan\u0131lmas\u0131 ile ilgili olarak ki\u015fisel verisi i\u015flenen ki\u015finin, her zaman bilgi alma, d\u00fczeltme, de\u011fi\u015ftirme, silme ve verilmi\u015f onay\u0131 geri alma hakk\u0131 bulunur. Bizimle payla\u015f\u0131lan ki\u015fisel veriler \u00fczerinde Kanun\u2019un 11. maddesi do\u011frultusunda sahip olunan haklar kolayl\u0131kla kullan\u0131labilir. <\/span><\/span><\/p><p><span style=\"font-family: arial, ms pgothic, dotum, helvetica, sans-serif;\"><span style=\"font-size: large;\">Bu haklar;\u00a0<\/span><\/span><\/p><p><span style=\"font-family: arial, ms pgothic, dotum, helvetica, sans-serif;\"><span style=\"font-size: large;\">a) Ki\u015fisel veri i\u015flenip i\u015flenmedi\u011fini \u00f6\u011frenme,\u00a0<\/span><\/span><\/p><p><span style=\"font-family: arial, ms pgothic, dotum, helvetica, sans-serif;\"><span style=\"font-size: large;\">b) Ki\u015fisel verileri i\u015flenmi\u015fse buna ili\u015fkin bilgi talep etme,\u00a0<\/span><\/span><\/p><p><span style=\"font-family: arial, ms pgothic, dotum, helvetica, sans-serif;\"><span style=\"font-size: large;\">c) Ki\u015fisel verilerin i\u015flenme amac\u0131n\u0131 ve bunlar\u0131n amac\u0131na uygun kullan\u0131l\u0131p kullan\u0131lmad\u0131\u011f\u0131n\u0131 \u00f6\u011frenme,\u00a0<\/span><\/span><\/p><p><span style=\"font-family: arial, ms pgothic, dotum, helvetica, sans-serif;\"><span style=\"font-size: large;\">\u00e7) Yurt i\u00e7inde veya yurt d\u0131\u015f\u0131nda ki\u015fisel verilerin aktar\u0131ld\u0131\u011f\u0131 \u00fc\u00e7\u00fcnc\u00fc ki\u015fileri bilme,\u00a0<\/span><\/span><\/p><p><span style=\"font-family: arial, ms pgothic, dotum, helvetica, sans-serif;\"><span style=\"font-size: large;\">d) Ki\u015fisel verilerin eksik veya yanl\u0131\u015f i\u015flenmi\u015f olmas\u0131 h\u00e2linde bunlar\u0131n d\u00fczeltilmesini isteme,\u00a0<\/span><\/span><\/p><p><span style=\"font-family: arial, ms pgothic, dotum, helvetica, sans-serif;\"><span style=\"font-size: large;\">e) Kanun \u00e7er\u00e7evesinde ki\u015fisel verilerin silinmesini veya yok edilmesini isteme,\u00a0<\/span><\/span><\/p><p><span style=\"font-family: arial, ms pgothic, dotum, helvetica, sans-serif;\"><span style=\"font-size: large;\">f) (d) ve (e) bentleri uyar\u0131nca yap\u0131lan i\u015flemlerin, ki\u015fisel verilerin aktar\u0131ld\u0131\u011f\u0131 \u00fc\u00e7\u00fcnc\u00fc ki\u015filere bildirilmesini isteme,\u00a0<\/span><\/span><\/p><p><span style=\"font-family: arial, ms pgothic, dotum, helvetica, sans-serif;\"><span style=\"font-size: large;\">g) \u0130\u015flenen verilerin m\u00fcnhas\u0131ran otomatik sistemler vas\u0131tas\u0131yla analiz edilmesi suretiyle ki\u015finin kendisi aleyhine bir sonucun ortaya \u00e7\u0131kmas\u0131na itiraz etme ve<\/span><\/span><\/p><p><span style=\"font-family: arial, ms pgothic, dotum, helvetica, sans-serif;\"><span style=\"font-size: large;\">\u011f) Ki\u015fisel verilerin kanuna ayk\u0131r\u0131 olarak i\u015flenmesi sebebiyle zarara u\u011framas\u0131 h\u00e2linde zarar\u0131n giderilmesini talep etmedir.\u00a0<\/span><\/span><\/p><p>\u200b<\/p><p><span style=\"font-family: arial, ms pgothic, dotum, helvetica, sans-serif;\"><span style=\"font-size: large;\">Ki\u015fisel verilerinizle ilgili taleplerinizi yaz\u0131l\u0131 olarak veya kay\u0131tl\u0131 elektronik posta (KEP) adresi, g\u00fcvenli elektronik imza, mobil imza ya da taraf\u0131n\u0131zca Almodo\u2019ya daha \u00f6nce bildirilen ve Almodo\u2019nun sisteminde kay\u0131tl\u0131 bulunan elektronik posta adresini kullanmak suretiyle veya ba\u015fvuru amac\u0131na y\u00f6nelik geli\u015ftirilmi\u015f bir yaz\u0131l\u0131m ya da uygulama vas\u0131tas\u0131yla konuya ili\u015fkin bilgi ve belgeleri ekleyerek Almodo\u2019ya iletebilirsiniz.<\/span><\/span><\/p><p>\u200b<\/p><p><span style=\"font-family: arial, ms pgothic, dotum, helvetica, sans-serif;\"><span style=\"font-size: large;\">Ba\u015fvuruda;\u00a0<\/span><\/span><\/p><p><span style=\"font-family: arial, ms pgothic, dotum, helvetica, sans-serif;\"><span style=\"font-size: large;\">a) Ad, soyad ve ba\u015fvuru yaz\u0131l\u0131 ise imza,\u00a0<\/span><\/span><\/p><p><span style=\"font-family: arial, ms pgothic, dotum, helvetica, sans-serif;\"><span style=\"font-size: large;\">b)T\u00fcrkiye Cumhuriyeti vatanda\u015flar\u0131 i\u00e7in T.C. kimlik numaras\u0131, yabanc\u0131lar i\u00e7in uyru\u011fu, pasaport numaras\u0131 veya varsa kimlik numaras\u0131,\u00a0<\/span><\/span><\/p><p><span style=\"font-family: arial, ms pgothic, dotum, helvetica, sans-serif;\"><span style=\"font-size: large;\">c)Tebligata esas yerle\u015fim yeri veya i\u015f yeri adresi,\u00a0<\/span><\/span><\/p><p><span style=\"font-family: arial, ms pgothic, dotum, helvetica, sans-serif;\"><span style=\"font-size: large;\">d)Varsa bildirime esas elektronik posta adresi, telefon ve faks numaras\u0131 ve\u00a0<\/span><\/span><\/p><p><span style=\"font-family: arial, ms pgothic, dotum, helvetica, sans-serif;\"><span style=\"font-size: large;\">e) Talep konusunun\u00a0bulunmas\u0131 zorunludur.\u00a0<\/span><\/span><\/p><p>\u200b<\/p><p><span style=\"font-family: arial, ms pgothic, dotum, helvetica, sans-serif;\"><span style=\"font-size: large;\">Bu haklar do\u011frultusunda ki\u015fisel verilerinizin g\u00fcncellenmesi veya di\u011fer talepleriniz i\u00e7in her zaman Almodo ile 15 Temmuz Mahallesi, Bahar Caddesi, No: 43 &#8211; J\u00a0Kat 10-11<br \/>Nurol Park Ofis, 34212 G\u00fcne\u015fli &#8211;\u00a0Ba\u011fc\u0131lar\u00a0\/ \u0130stanbul adresine yaz\u0131l\u0131 olarak (posta veya elden) veya [kvkk@almodo.com.tr] e-posta adresinden ileti\u015fime ge\u00e7ebilirsiniz. \u015eirketimiz en ge\u00e7 30 g\u00fcn i\u00e7inde talebinizi sonu\u00e7land\u0131r\u0131r. <\/span><\/span><\/p><p><span style=\"font-family: arial, ms pgothic, dotum, helvetica, sans-serif;\"><span style=\"font-size: large;\">\u015eirketimizin sizi yaz\u0131l\u0131 olarak bilgilendirmesi durumunda, bu i\u015flem i\u00e7in 10 sayfaya kadar \u00fccret talep edilmez. \u015eirketimiz, 10 sayfan\u0131n \u00fczerinde olan her sayfa i\u00e7in sizden 1 T\u00fcrk Liras\u0131 alabilir. \u015eirketimizin sizi CD veya fla\u015f bellek ile bilgilendirmesi durumunda, sizden talep edilen \u00fccret CD veya fla\u015f belle\u011fin maliyetini a\u015fmayacakt\u0131r. \u015eirketimiz, ba\u015fvuruda yer alan talebi reddeder ise, cevab\u0131n\u0131 size yaz\u0131l\u0131 olarak veya elektronik ortamda bildirir. Ba\u015fvurunuzun reddedilmesi, verilen cevab\u0131n yetersiz bulunmas\u0131 veya ba\u015fvuruya \u015eirketimiz taraf\u0131ndan s\u00fcresinde cevap verilmemesi hallerinde, \u015eirketimizin cevab\u0131n\u0131 \u00f6\u011frendi\u011finiz tarihten itibaren 30 g\u00fcn i\u00e7inde ve her halde ba\u015fvuru tarihinden itibaren 60 g\u00fcn i\u00e7inde Ki\u015fisel Verileri Koruma Kurulu\u2019na \u015fik\u00e2yette bulunabilirsiniz.<\/span><\/span><\/p><p><span style=\"font-family: arial, ms pgothic, dotum, helvetica, sans-serif;\"><span style=\"font-size: large;\">\u015eirketimiz, ba\u015fvurudaki talebi kabul ederse, gereklilikleri yerine getirir ve \u015eirketimizin hatas\u0131 olmas\u0131 durumunda, sizden al\u0131nan ba\u015fvuru \u00fccreti taraf\u0131n\u0131za iade edilir. Almodo, ki\u015fisel verilerin korunmas\u0131na azami \u00f6l\u00e7\u00fcde \u00f6nem verir. Bu y\u00fczden Almodo ki\u015fisel verilere yetkisiz eri\u015fim veya bu bilgilerin kayb\u0131, hatal\u0131 kullan\u0131m\u0131, if\u015fa edilmesi, de\u011fi\u015ftirilmesi veya imha edilmesine kar\u015f\u0131 gerekli \u00f6nlemleri al\u0131r.<\/span><\/span><\/p><p><span style=\"font-family: arial, ms pgothic, dotum, helvetica, sans-serif;\"><span style=\"font-size: large;\">Almodo taraf\u0131ndan ki\u015fisel verileri korumaya y\u00f6nelik g\u00fcvenlik sistemi ile ilgili denetimler periyodik olarak yap\u0131l\u0131r\/yapt\u0131r\u0131l\u0131r. Almodo, ki\u015fisel verileri gizli tutmay\u0131, gizlili\u011fin sa\u011flanmas\u0131 ve g\u00fcncelli\u011fi i\u00e7in gerekli teknik ve idari her t\u00fcrl\u00fc tedbiri almay\u0131 ve gerekli dikkati g\u00f6stermeyi taahh\u00fct eder. Almodo\u2019nun gerekli bilgi g\u00fcvenli\u011fi \u00f6nlemlerini almas\u0131na kar\u015f\u0131n, web sitesine ve sisteme yap\u0131lan sald\u0131r\u0131lar sonucunda ki\u015fisel verilerin zarar g\u00f6rmesi veya \u00fc\u00e7\u00fcnc\u00fc ki\u015filerin eline ge\u00e7mesi durumunda, Almodo bu durumu derhal \u00e7al\u0131\u015fan adaylar\u0131na ve Ki\u015fisel Verileri Koruma Kurulu\u2019na bildirir.<\/span><\/span><\/p><p><span style=\"font-family: arial, ms pgothic, dotum, helvetica, sans-serif;\"><span style=\"font-size: x-large;\">Almodo Altunlar Tekstil Sanayi ve Ticaret Anonim \u015eirketi\u00a0<\/span><\/span><\/p><\/div>\t\t\t\t\t\t\t\t<\/div>\n\t\t\t\t<\/div>\n\t\t\t\t\t<\/div>\n\t\t<\/div>\n\t\t\t\t\t<\/div>\n\t\t<\/section>\n\t\t\t\t<section class=\"elementor-section elementor-top-section elementor-element elementor-element-b83c51b elementor-section-boxed elementor-section-height-default elementor-section-height-default sc_fly_static\" data-id=\"b83c51b\" data-element_type=\"section\">\n\t\t\t\t\t\t<div class=\"elementor-container elementor-column-gap-extended\">\n\t\t\t\t\t<div class=\"elementor-column elementor-col-100 elementor-top-column elementor-element elementor-element-e135e1c sc_content_align_inherit sc_layouts_column_icons_position_left sc_fly_static\" data-id=\"e135e1c\" data-element_type=\"column\">\n\t\t\t<div class=\"elementor-widget-wrap elementor-element-populated\">\n\t\t\t\t\t\t<div class=\"elementor-element elementor-element-cc74345 sc_height_huge sc_fly_static elementor-widget elementor-widget-spacer\" data-id=\"cc74345\" data-element_type=\"widget\" data-widget_type=\"spacer.default\">\n\t\t\t\t<div class=\"elementor-widget-container\">\n\t\t\t\t\t\t\t<div class=\"elementor-spacer\">\n\t\t\t<div class=\"elementor-spacer-inner\"><\/div>\n\t\t<\/div>\n\t\t\t\t\t\t<\/div>\n\t\t\t\t<\/div>\n\t\t\t\t\t<\/div>\n\t\t<\/div>\n\t\t\t\t\t<\/div>\n\t\t<\/section>\n\t\t\t\t<\/div>","protected":false},"excerpt":{"rendered":"<p>Almodo Ki\u015fisel Verilerin \u0130\u015flenmesinin Nedenleri Ve Yasal Dayanaklar\u0131 Almodo Altunlar Tekstil Sanayi ve Ticaret Anonim \u015eirketi (\u201cAlmodo\u201d) \u015firket politikalar\u0131 \u00e7er\u00e7evesinde ve Almodo ailesini geni\u015fleterek daha iyi hizmet verebilmek amac\u0131yla; s\u00f6z&hellip;<\/p>","protected":false},"author":1,"featured_media":0,"parent":0,"menu_order":0,"comment_status":"closed","ping_status":"closed","template":"","meta":{"footnotes":""},"class_list":["post-29087","page","type-page","status-publish","hentry"],"yoast_head":"<!-- This site is optimized with the Yoast SEO plugin v26.3 - https:\/\/yoast.com\/wordpress\/plugins\/seo\/ -->\n<title>Almodo \u00c7al\u0131\u015fan Adaylar\u0131 \u0130\u00e7in Bilgilendirme ve Taahh\u00fctname - Almodo Textile<\/title>\n<meta name=\"description\" content=\"Almodo \u00e7al\u0131\u015fan adaylar\u0131 i\u00e7in s\u00fcre\u00e7, haklar ve g\u00f6revler hakk\u0131nda \u015feffaf bilgilendirme. Taahh\u00fctname ile beklentilerimizi, \u015firket politikalar\u0131m\u0131z\u0131 ve aday profillerimizi \u00f6\u011frenin.\" \/>\n<meta name=\"robots\" content=\"index, follow, max-snippet:-1, max-image-preview:large, max-video-preview:-1\" \/>\n<link rel=\"canonical\" href=\"https:\/\/www.almodo.com.tr\/en\/almodo-calisan-adaylari-icin-bilgilendirme-ve-taahhutname\/\" \/>\n<meta property=\"og:locale\" content=\"en_US\" \/>\n<meta property=\"og:type\" content=\"article\" \/>\n<meta property=\"og:title\" content=\"Almodo \u00c7al\u0131\u015fan Adaylar\u0131 \u0130\u00e7in Bilgilendirme ve Taahh\u00fctname - Almodo Textile\" \/>\n<meta property=\"og:description\" content=\"Almodo \u00e7al\u0131\u015fan adaylar\u0131 i\u00e7in s\u00fcre\u00e7, haklar ve g\u00f6revler hakk\u0131nda \u015feffaf bilgilendirme. Taahh\u00fctname ile beklentilerimizi, \u015firket politikalar\u0131m\u0131z\u0131 ve aday profillerimizi \u00f6\u011frenin.\" \/>\n<meta property=\"og:url\" content=\"https:\/\/www.almodo.com.tr\/en\/almodo-calisan-adaylari-icin-bilgilendirme-ve-taahhutname\/\" \/>\n<meta property=\"og:site_name\" content=\"Almodo Textile\" \/>\n<meta property=\"article:modified_time\" content=\"2025-09-13T15:33:15+00:00\" \/>\n<meta name=\"twitter:card\" content=\"summary_large_image\" \/>\n<meta name=\"twitter:label1\" content=\"Est. reading time\" \/>\n\t<meta name=\"twitter:data1\" content=\"6 minutes\" \/>\n<script type=\"application\/ld+json\" class=\"yoast-schema-graph\">{\"@context\":\"https:\/\/schema.org\",\"@graph\":[{\"@type\":\"WebPage\",\"@id\":\"https:\/\/www.almodo.com.tr\/almodo-calisan-adaylari-icin-bilgilendirme-ve-taahhutname\/\",\"url\":\"https:\/\/www.almodo.com.tr\/almodo-calisan-adaylari-icin-bilgilendirme-ve-taahhutname\/\",\"name\":\"Almodo \u00c7al\u0131\u015fan Adaylar\u0131 \u0130\u00e7in Bilgilendirme ve Taahh\u00fctname - Almodo Textile\",\"isPartOf\":{\"@id\":\"https:\/\/www.almodo.com.tr\/#website\"},\"datePublished\":\"2025-09-13T09:18:48+00:00\",\"dateModified\":\"2025-09-13T15:33:15+00:00\",\"description\":\"Almodo \u00e7al\u0131\u015fan adaylar\u0131 i\u00e7in s\u00fcre\u00e7, haklar ve g\u00f6revler hakk\u0131nda \u015feffaf bilgilendirme. Taahh\u00fctname ile beklentilerimizi, \u015firket politikalar\u0131m\u0131z\u0131 ve aday profillerimizi \u00f6\u011frenin.\",\"breadcrumb\":{\"@id\":\"https:\/\/www.almodo.com.tr\/almodo-calisan-adaylari-icin-bilgilendirme-ve-taahhutname\/#breadcrumb\"},\"inLanguage\":\"en-US\",\"potentialAction\":[{\"@type\":\"ReadAction\",\"target\":[\"https:\/\/www.almodo.com.tr\/almodo-calisan-adaylari-icin-bilgilendirme-ve-taahhutname\/\"]}]},{\"@type\":\"BreadcrumbList\",\"@id\":\"https:\/\/www.almodo.com.tr\/almodo-calisan-adaylari-icin-bilgilendirme-ve-taahhutname\/#breadcrumb\",\"itemListElement\":[{\"@type\":\"ListItem\",\"position\":1,\"name\":\"Anasayfa\",\"item\":\"https:\/\/www.almodo.com.tr\/\"},{\"@type\":\"ListItem\",\"position\":2,\"name\":\"Almodo \u00c7al\u0131\u015fan Adaylar\u0131 \u0130\u00e7in Bilgilendirme ve Taahh\u00fctname\"}]},{\"@type\":\"WebSite\",\"@id\":\"https:\/\/www.almodo.com.tr\/#website\",\"url\":\"https:\/\/www.almodo.com.tr\/\",\"name\":\"Almodo\",\"description\":\"\",\"publisher\":{\"@id\":\"https:\/\/www.almodo.com.tr\/#organization\"},\"potentialAction\":[{\"@type\":\"SearchAction\",\"target\":{\"@type\":\"EntryPoint\",\"urlTemplate\":\"https:\/\/www.almodo.com.tr\/?s={search_term_string}\"},\"query-input\":{\"@type\":\"PropertyValueSpecification\",\"valueRequired\":true,\"valueName\":\"search_term_string\"}}],\"inLanguage\":\"en-US\"},{\"@type\":\"Organization\",\"@id\":\"https:\/\/www.almodo.com.tr\/#organization\",\"name\":\"Almodo\",\"url\":\"https:\/\/www.almodo.com.tr\/\",\"logo\":{\"@type\":\"ImageObject\",\"inLanguage\":\"en-US\",\"@id\":\"https:\/\/www.almodo.com.tr\/#\/schema\/logo\/image\/\",\"url\":\"https:\/\/www.almodo.com.tr\/wp-content\/uploads\/2025\/03\/Almodo_Logo_Small_S.png\",\"contentUrl\":\"https:\/\/www.almodo.com.tr\/wp-content\/uploads\/2025\/03\/Almodo_Logo_Small_S.png\",\"width\":160,\"height\":43,\"caption\":\"Almodo\"},\"image\":{\"@id\":\"https:\/\/www.almodo.com.tr\/#\/schema\/logo\/image\/\"},\"sameAs\":[\"https:\/\/www.instagram.com\/almodotekstil\/?hl=tr\"]}]}<\/script>\n<!-- \/ Yoast SEO plugin. -->","yoast_head_json":{"title":"Almodo \u00c7al\u0131\u015fan Adaylar\u0131 \u0130\u00e7in Bilgilendirme ve Taahh\u00fctname - Almodo Textile","description":"Almodo \u00e7al\u0131\u015fan adaylar\u0131 i\u00e7in s\u00fcre\u00e7, haklar ve g\u00f6revler hakk\u0131nda \u015feffaf bilgilendirme. Taahh\u00fctname ile beklentilerimizi, \u015firket politikalar\u0131m\u0131z\u0131 ve aday profillerimizi \u00f6\u011frenin.","robots":{"index":"index","follow":"follow","max-snippet":"max-snippet:-1","max-image-preview":"max-image-preview:large","max-video-preview":"max-video-preview:-1"},"canonical":"https:\/\/www.almodo.com.tr\/en\/almodo-calisan-adaylari-icin-bilgilendirme-ve-taahhutname\/","og_locale":"en_US","og_type":"article","og_title":"Almodo \u00c7al\u0131\u015fan Adaylar\u0131 \u0130\u00e7in Bilgilendirme ve Taahh\u00fctname - Almodo Textile","og_description":"Almodo \u00e7al\u0131\u015fan adaylar\u0131 i\u00e7in s\u00fcre\u00e7, haklar ve g\u00f6revler hakk\u0131nda \u015feffaf bilgilendirme. Taahh\u00fctname ile beklentilerimizi, \u015firket politikalar\u0131m\u0131z\u0131 ve aday profillerimizi \u00f6\u011frenin.","og_url":"https:\/\/www.almodo.com.tr\/en\/almodo-calisan-adaylari-icin-bilgilendirme-ve-taahhutname\/","og_site_name":"Almodo Textile","article_modified_time":"2025-09-13T15:33:15+00:00","twitter_card":"summary_large_image","twitter_misc":{"Est. reading time":"6 minutes"},"schema":{"@context":"https:\/\/schema.org","@graph":[{"@type":"WebPage","@id":"https:\/\/www.almodo.com.tr\/almodo-calisan-adaylari-icin-bilgilendirme-ve-taahhutname\/","url":"https:\/\/www.almodo.com.tr\/almodo-calisan-adaylari-icin-bilgilendirme-ve-taahhutname\/","name":"Almodo \u00c7al\u0131\u015fan Adaylar\u0131 \u0130\u00e7in Bilgilendirme ve Taahh\u00fctname - Almodo Textile","isPartOf":{"@id":"https:\/\/www.almodo.com.tr\/#website"},"datePublished":"2025-09-13T09:18:48+00:00","dateModified":"2025-09-13T15:33:15+00:00","description":"Almodo \u00e7al\u0131\u015fan adaylar\u0131 i\u00e7in s\u00fcre\u00e7, haklar ve g\u00f6revler hakk\u0131nda \u015feffaf bilgilendirme. Taahh\u00fctname ile beklentilerimizi, \u015firket politikalar\u0131m\u0131z\u0131 ve aday profillerimizi \u00f6\u011frenin.","breadcrumb":{"@id":"https:\/\/www.almodo.com.tr\/almodo-calisan-adaylari-icin-bilgilendirme-ve-taahhutname\/#breadcrumb"},"inLanguage":"en-US","potentialAction":[{"@type":"ReadAction","target":["https:\/\/www.almodo.com.tr\/almodo-calisan-adaylari-icin-bilgilendirme-ve-taahhutname\/"]}]},{"@type":"BreadcrumbList","@id":"https:\/\/www.almodo.com.tr\/almodo-calisan-adaylari-icin-bilgilendirme-ve-taahhutname\/#breadcrumb","itemListElement":[{"@type":"ListItem","position":1,"name":"Anasayfa","item":"https:\/\/www.almodo.com.tr\/"},{"@type":"ListItem","position":2,"name":"Almodo \u00c7al\u0131\u015fan Adaylar\u0131 \u0130\u00e7in Bilgilendirme ve Taahh\u00fctname"}]},{"@type":"WebSite","@id":"https:\/\/www.almodo.com.tr\/#website","url":"https:\/\/www.almodo.com.tr\/","name":"Almodo","description":"","publisher":{"@id":"https:\/\/www.almodo.com.tr\/#organization"},"potentialAction":[{"@type":"SearchAction","target":{"@type":"EntryPoint","urlTemplate":"https:\/\/www.almodo.com.tr\/?s={search_term_string}"},"query-input":{"@type":"PropertyValueSpecification","valueRequired":true,"valueName":"search_term_string"}}],"inLanguage":"en-US"},{"@type":"Organization","@id":"https:\/\/www.almodo.com.tr\/#organization","name":"Almodo","url":"https:\/\/www.almodo.com.tr\/","logo":{"@type":"ImageObject","inLanguage":"en-US","@id":"https:\/\/www.almodo.com.tr\/#\/schema\/logo\/image\/","url":"https:\/\/www.almodo.com.tr\/wp-content\/uploads\/2025\/03\/Almodo_Logo_Small_S.png","contentUrl":"https:\/\/www.almodo.com.tr\/wp-content\/uploads\/2025\/03\/Almodo_Logo_Small_S.png","width":160,"height":43,"caption":"Almodo"},"image":{"@id":"https:\/\/www.almodo.com.tr\/#\/schema\/logo\/image\/"},"sameAs":["https:\/\/www.instagram.com\/almodotekstil\/?hl=tr"]}]}},"_links":{"self":[{"href":"https:\/\/www.almodo.com.tr\/en\/wp-json\/wp\/v2\/pages\/29087","targetHints":{"allow":["GET"]}}],"collection":[{"href":"https:\/\/www.almodo.com.tr\/en\/wp-json\/wp\/v2\/pages"}],"about":[{"href":"https:\/\/www.almodo.com.tr\/en\/wp-json\/wp\/v2\/types\/page"}],"author":[{"embeddable":true,"href":"https:\/\/www.almodo.com.tr\/en\/wp-json\/wp\/v2\/users\/1"}],"replies":[{"embeddable":true,"href":"https:\/\/www.almodo.com.tr\/en\/wp-json\/wp\/v2\/comments?post=29087"}],"version-history":[{"count":10,"href":"https:\/\/www.almodo.com.tr\/en\/wp-json\/wp\/v2\/pages\/29087\/revisions"}],"predecessor-version":[{"id":29101,"href":"https:\/\/www.almodo.com.tr\/en\/wp-json\/wp\/v2\/pages\/29087\/revisions\/29101"}],"wp:attachment":[{"href":"https:\/\/www.almodo.com.tr\/en\/wp-json\/wp\/v2\/media?parent=29087"}],"curies":[{"name":"wp","href":"https:\/\/api.w.org\/{rel}","templated":true}]}}